{"id":25,"date":"2023-03-30T21:27:16","date_gmt":"2023-03-30T21:27:16","guid":{"rendered":"https:\/\/sa.iavceivolcano.org\/?page_id=25"},"modified":"2025-06-27T07:51:08","modified_gmt":"2025-06-27T07:51:08","slug":"destination","status":"publish","type":"page","link":"https:\/\/sa2025.iavceivolcano.org\/destination\/","title":{"rendered":"Destination"},"content":{"rendered":"\n<h2 class=\"block-heading\">Welcome Desk Geneva Airport<\/h2>\n\n\n\n<p>An information desk is available on arrival at Geneva airport.<br>You will find it after the baggage reclaim and customs area.<br>Hostesses will help you find your way around Geneva.<\/p>\n\n\n\n<h2 class=\"block-heading\">Geneva<\/h2>\n\n\n\n<figure class=\"block-gallery has-nested-images columns-default is-cropped block-gallery-1 is-layout-flex block-gallery-is-layout-flex\">\n<figure class=\"block-image size-large\"><div class=\"loading-placeholder shine\" style=\"aspect-ratio: 1\/ 0.75\"><img decoding=\"async\" data-sizes=\"(max-width: 1024px) 100vw, 1024px\" data-src=\"https:\/\/sa2025.iavceivolcano.org\/content\/uploads\/sites\/17\/2024\/04\/bourg-de-four-1024x768.jpeg\" data-srcset=\"https:\/\/sa2025.iavceivolcano.org\/content\/uploads\/sites\/17\/2024\/04\/bourg-de-four-1024x768.jpeg 1024w, https:\/\/sa2025.iavceivolcano.org\/content\/uploads\/sites\/17\/2024\/04\/bourg-de-four-300x225.jpeg 300w, https:\/\/sa2025.iavceivolcano.org\/content\/uploads\/sites\/17\/2024\/04\/bourg-de-four-768x576.jpeg 768w, https:\/\/sa2025.iavceivolcano.org\/content\/uploads\/sites\/17\/2024\/04\/bourg-de-four-187x140.jpeg 187w, https:\/\/sa2025.iavceivolcano.org\/content\/uploads\/sites\/17\/2024\/04\/bourg-de-four.jpeg 1280w\" width=\"1024\" height=\"768\" src=\"\/\/:0\" class=\"lazyload\" alt=\"Bourg De Four\" style=\"\"   loading=\"lazy\" \/><noscript><img decoding=\"async\" width=\"1024\" height=\"768\" src=\"https:\/\/sa2025.iavceivolcano.org\/content\/uploads\/sites\/17\/2024\/04\/bourg-de-four-1024x768.jpeg\" class=\"lazyload\" alt=\"Bourg De Four\" style=\"\" srcset=\"https:\/\/sa2025.iavceivolcano.org\/content\/uploads\/sites\/17\/2024\/04\/bourg-de-four-1024x768.jpeg 1024w, https:\/\/sa2025.iavceivolcano.org\/content\/uploads\/sites\/17\/2024\/04\/bourg-de-four-300x225.jpeg 300w, https:\/\/sa2025.iavceivolcano.org\/content\/uploads\/sites\/17\/2024\/04\/bourg-de-four-768x576.jpeg 768w, https:\/\/sa2025.iavceivolcano.org\/content\/uploads\/sites\/17\/2024\/04\/bourg-de-four-187x140.jpeg 187w, https:\/\/sa2025.iavceivolcano.org\/content\/uploads\/sites\/17\/2024\/04\/bourg-de-four.jpeg 1280w\" sizes=\"auto, (max-width: 1024px) 100vw, 1024px\" loading=\"lazy\" \/><\/noscript><\/div><\/figure>\n\n\n\n<figure class=\"block-image size-large\"><div class=\"loading-placeholder shine\" style=\"aspect-ratio: 1\/ 0.4501953125\"><img decoding=\"async\" data-sizes=\"(max-width: 1024px) 100vw, 1024px\" data-src=\"https:\/\/sa2025.iavceivolcano.org\/content\/uploads\/sites\/17\/2024\/04\/day-trip-image_220321-1024x461.jpeg\" data-srcset=\"https:\/\/sa2025.iavceivolcano.org\/content\/uploads\/sites\/17\/2024\/04\/day-trip-image_220321-1024x461.jpeg 1024w, https:\/\/sa2025.iavceivolcano.org\/content\/uploads\/sites\/17\/2024\/04\/day-trip-image_220321-300x135.jpeg 300w, https:\/\/sa2025.iavceivolcano.org\/content\/uploads\/sites\/17\/2024\/04\/day-trip-image_220321-768x346.jpeg 768w, https:\/\/sa2025.iavceivolcano.org\/content\/uploads\/sites\/17\/2024\/04\/day-trip-image_220321-1536x691.jpeg 1536w, https:\/\/sa2025.iavceivolcano.org\/content\/uploads\/sites\/17\/2024\/04\/day-trip-image_220321-311x140.jpeg 311w, https:\/\/sa2025.iavceivolcano.org\/content\/uploads\/sites\/17\/2024\/04\/day-trip-image_220321.jpeg 2000w\" width=\"1024\" height=\"461\" src=\"\/\/:0\" class=\"lazyload\" alt=\"Day Trip Image 220321\" style=\"\"   loading=\"lazy\" \/><noscript><img decoding=\"async\" width=\"1024\" height=\"461\" src=\"https:\/\/sa2025.iavceivolcano.org\/content\/uploads\/sites\/17\/2024\/04\/day-trip-image_220321-1024x461.jpeg\" class=\"lazyload\" alt=\"Day Trip Image 220321\" style=\"\" srcset=\"https:\/\/sa2025.iavceivolcano.org\/content\/uploads\/sites\/17\/2024\/04\/day-trip-image_220321-1024x461.jpeg 1024w, https:\/\/sa2025.iavceivolcano.org\/content\/uploads\/sites\/17\/2024\/04\/day-trip-image_220321-300x135.jpeg 300w, https:\/\/sa2025.iavceivolcano.org\/content\/uploads\/sites\/17\/2024\/04\/day-trip-image_220321-768x346.jpeg 768w, https:\/\/sa2025.iavceivolcano.org\/content\/uploads\/sites\/17\/2024\/04\/day-trip-image_220321-1536x691.jpeg 1536w, https:\/\/sa2025.iavceivolcano.org\/content\/uploads\/sites\/17\/2024\/04\/day-trip-image_220321-311x140.jpeg 311w, https:\/\/sa2025.iavceivolcano.org\/content\/uploads\/sites\/17\/2024\/04\/day-trip-image_220321.jpeg 2000w\" sizes=\"auto, (max-width: 1024px) 100vw, 1024px\" loading=\"lazy\" \/><\/noscript><\/div><\/figure>\n\n\n\n<figure class=\"block-image size-large\"><div class=\"loading-placeholder shine\" style=\"aspect-ratio: 1\/ 0.388671875\"><img decoding=\"async\" data-sizes=\"(max-width: 1024px) 100vw, 1024px\" data-src=\"https:\/\/sa2025.iavceivolcano.org\/content\/uploads\/sites\/17\/2024\/04\/mouette-1024x398.jpeg\" data-srcset=\"https:\/\/sa2025.iavceivolcano.org\/content\/uploads\/sites\/17\/2024\/04\/mouette-1024x398.jpeg 1024w, https:\/\/sa2025.iavceivolcano.org\/content\/uploads\/sites\/17\/2024\/04\/mouette-300x117.jpeg 300w, https:\/\/sa2025.iavceivolcano.org\/content\/uploads\/sites\/17\/2024\/04\/mouette-768x299.jpeg 768w, https:\/\/sa2025.iavceivolcano.org\/content\/uploads\/sites\/17\/2024\/04\/mouette-360x140.jpeg 360w, https:\/\/sa2025.iavceivolcano.org\/content\/uploads\/sites\/17\/2024\/04\/mouette.jpeg 1440w\" width=\"1024\" height=\"398\" src=\"\/\/:0\" class=\"lazyload\" alt=\"Mouette\" style=\"\"   loading=\"lazy\" \/><noscript><img decoding=\"async\" width=\"1024\" height=\"398\" src=\"https:\/\/sa2025.iavceivolcano.org\/content\/uploads\/sites\/17\/2024\/04\/mouette-1024x398.jpeg\" class=\"lazyload\" alt=\"Mouette\" style=\"\" srcset=\"https:\/\/sa2025.iavceivolcano.org\/content\/uploads\/sites\/17\/2024\/04\/mouette-1024x398.jpeg 1024w, https:\/\/sa2025.iavceivolcano.org\/content\/uploads\/sites\/17\/2024\/04\/mouette-300x117.jpeg 300w, https:\/\/sa2025.iavceivolcano.org\/content\/uploads\/sites\/17\/2024\/04\/mouette-768x299.jpeg 768w, https:\/\/sa2025.iavceivolcano.org\/content\/uploads\/sites\/17\/2024\/04\/mouette-360x140.jpeg 360w, https:\/\/sa2025.iavceivolcano.org\/content\/uploads\/sites\/17\/2024\/04\/mouette.jpeg 1440w\" sizes=\"auto, (max-width: 1024px) 100vw, 1024px\" loading=\"lazy\" \/><\/noscript><\/div><\/figure>\n<\/figure>\n\n\n\n<figure class=\"block-embed is-type-video is-provider-youtube block-embed-youtube embed-aspect-16-9 wp-has-aspect-ratio\"><div class=\"block-embed__wrapper\">\n<div><div class=\"video-container\" style=\"padding-bottom: 56.2%\"><iframe loading=\"lazy\" title=\"Geneva Meetings and Conferences\" width=\"500\" height=\"281\" src=\"https:\/\/www.youtube.com\/embed\/rmobYeqUWvE?feature=oembed\" frameborder=\"0\" allow=\"accelerometer; autoplay; clipboard-write; encrypted-media; gyroscope; picture-in-picture; web-share\" referrerpolicy=\"strict-origin-when-cross-origin\" allowfullscreen><\/iframe><\/div><\/div>\n<\/div><\/figure>\n\n\n\n<h2 class=\"block-heading\">Your travel to Geneva<\/h2>\n\n\n\n<p>Geneva is at the heart of Europe, with an international airport offering direct flights to over 140 destinations and a convenient hub for low-cost carrier Easyjet.<\/p>\n\n\n\n<p>The train journey from the airport to the city center takes just 6 minutes.<br>In fact, coming to Geneva by train can be a convenient option as there is a fast TGV connection to Paris, a direct line to Milan and Intercity trains to Zurich and beyond (see here for train timetables: <a href=\"https:\/\/www.sbb.ch\/en\" target=\"_blank\" rel=\"noreferrer noopener\">https:\/\/www.sbb.ch\/en<\/a> ).<\/p>\n\n\n\n<p>Another economical transport option is long-distance bus travel, for example with Flixbus.<\/p>\n\n\n\n<h2 class=\"block-heading\">Free public transport in Geneva<\/h2>\n\n\n\n<p>The city of Geneva has a vast public transport network of trains, buses, streetcars and shuttle boats (mouette).<br>Official TPG website: <a rel=\"noreferrer noopener\" href=\"https:\/\/www.tpg.ch\" target=\"_blank\">https:\/\/www.tpg.ch<\/a><br>It&#8217;s important to note that all these modes of transport are free for people staying in a hotel or AirBnB in Geneva. Find out more before you arrive or at reception when you check in.<\/p>\n\n\n\n<figure class=\"block-image size-large is-resized\"><div class=\"loading-placeholder shine\" style=\"aspect-ratio: 1.5491679273827534\"><img decoding=\"async\" data-sizes=\"(max-width: 390px) 100vw, 390px\" data-src=\"https:\/\/sa2025.iavceivolcano.org\/content\/uploads\/sites\/17\/2024\/04\/geneva-transport-card-2022.png\" data-srcset=\"https:\/\/sa2025.iavceivolcano.org\/content\/uploads\/sites\/17\/2024\/04\/geneva-transport-card-2022.png 2162w, https:\/\/sa2025.iavceivolcano.org\/content\/uploads\/sites\/17\/2024\/04\/geneva-transport-card-2022-300x194.png 300w, https:\/\/sa2025.iavceivolcano.org\/content\/uploads\/sites\/17\/2024\/04\/geneva-transport-card-2022-1024x661.png 1024w, https:\/\/sa2025.iavceivolcano.org\/content\/uploads\/sites\/17\/2024\/04\/geneva-transport-card-2022-768x496.png 768w, https:\/\/sa2025.iavceivolcano.org\/content\/uploads\/sites\/17\/2024\/04\/geneva-transport-card-2022-1536x992.png 1536w, https:\/\/sa2025.iavceivolcano.org\/content\/uploads\/sites\/17\/2024\/04\/geneva-transport-card-2022-2048x1322.png 2048w, https:\/\/sa2025.iavceivolcano.org\/content\/uploads\/sites\/17\/2024\/04\/geneva-transport-card-2022-217x140.png 217w\" width=\"390\" height=\"252\" src=\"\/\/:0\" class=\"lazyload\" alt=\"Geneva Transport Card 2022\" style=\"aspect-ratio:1.5491679273827534;width:390px;height:auto\"   loading=\"lazy\" \/><noscript><img decoding=\"async\" width=\"390\" height=\"252\" src=\"https:\/\/sa2025.iavceivolcano.org\/content\/uploads\/sites\/17\/2024\/04\/geneva-transport-card-2022.png\" class=\"lazyload\" alt=\"Geneva Transport Card 2022\" style=\"aspect-ratio:1.5491679273827534;width:390px;height:auto\" srcset=\"https:\/\/sa2025.iavceivolcano.org\/content\/uploads\/sites\/17\/2024\/04\/geneva-transport-card-2022.png 2162w, https:\/\/sa2025.iavceivolcano.org\/content\/uploads\/sites\/17\/2024\/04\/geneva-transport-card-2022-300x194.png 300w, https:\/\/sa2025.iavceivolcano.org\/content\/uploads\/sites\/17\/2024\/04\/geneva-transport-card-2022-1024x661.png 1024w, https:\/\/sa2025.iavceivolcano.org\/content\/uploads\/sites\/17\/2024\/04\/geneva-transport-card-2022-768x496.png 768w, https:\/\/sa2025.iavceivolcano.org\/content\/uploads\/sites\/17\/2024\/04\/geneva-transport-card-2022-1536x992.png 1536w, https:\/\/sa2025.iavceivolcano.org\/content\/uploads\/sites\/17\/2024\/04\/geneva-transport-card-2022-2048x1322.png 2048w, https:\/\/sa2025.iavceivolcano.org\/content\/uploads\/sites\/17\/2024\/04\/geneva-transport-card-2022-217x140.png 217w\" sizes=\"auto, (max-width: 390px) 100vw, 390px\" loading=\"lazy\" \/><\/noscript><\/div><\/figure>\n\n\n\n<h2 class=\"block-heading\">Congress Venue &#8211; Uni Mail<\/h2>\n\n\n\n<figure class=\"block-image size-large\"><div class=\"loading-placeholder shine\" style=\"aspect-ratio: 1\/ 0.2197265625\"><img decoding=\"async\" data-sizes=\"(max-width: 1024px) 100vw, 1024px\" data-src=\"https:\/\/sa2025.iavceivolcano.org\/content\/uploads\/sites\/17\/2024\/04\/capture-decran-2024-04-03-a-09.38.07-1024x225.png\" data-srcset=\"https:\/\/sa2025.iavceivolcano.org\/content\/uploads\/sites\/17\/2024\/04\/capture-decran-2024-04-03-a-09.38.07-1024x225.png 1024w, https:\/\/sa2025.iavceivolcano.org\/content\/uploads\/sites\/17\/2024\/04\/capture-decran-2024-04-03-a-09.38.07-300x66.png 300w, https:\/\/sa2025.iavceivolcano.org\/content\/uploads\/sites\/17\/2024\/04\/capture-decran-2024-04-03-a-09.38.07-768x169.png 768w, https:\/\/sa2025.iavceivolcano.org\/content\/uploads\/sites\/17\/2024\/04\/capture-decran-2024-04-03-a-09.38.07-1536x338.png 1536w, https:\/\/sa2025.iavceivolcano.org\/content\/uploads\/sites\/17\/2024\/04\/capture-decran-2024-04-03-a-09.38.07-2048x451.png 2048w, https:\/\/sa2025.iavceivolcano.org\/content\/uploads\/sites\/17\/2024\/04\/capture-decran-2024-04-03-a-09.38.07-636x140.png 636w\" width=\"1024\" height=\"225\" src=\"\/\/:0\" class=\"lazyload\" alt=\"Capture Decran 2024 04 03 A 09 38 07\" style=\"\"   loading=\"lazy\" \/><noscript><img decoding=\"async\" width=\"1024\" height=\"225\" src=\"https:\/\/sa2025.iavceivolcano.org\/content\/uploads\/sites\/17\/2024\/04\/capture-decran-2024-04-03-a-09.38.07-1024x225.png\" class=\"lazyload\" alt=\"Capture Decran 2024 04 03 A 09 38 07\" style=\"\" srcset=\"https:\/\/sa2025.iavceivolcano.org\/content\/uploads\/sites\/17\/2024\/04\/capture-decran-2024-04-03-a-09.38.07-1024x225.png 1024w, https:\/\/sa2025.iavceivolcano.org\/content\/uploads\/sites\/17\/2024\/04\/capture-decran-2024-04-03-a-09.38.07-300x66.png 300w, https:\/\/sa2025.iavceivolcano.org\/content\/uploads\/sites\/17\/2024\/04\/capture-decran-2024-04-03-a-09.38.07-768x169.png 768w, https:\/\/sa2025.iavceivolcano.org\/content\/uploads\/sites\/17\/2024\/04\/capture-decran-2024-04-03-a-09.38.07-1536x338.png 1536w, https:\/\/sa2025.iavceivolcano.org\/content\/uploads\/sites\/17\/2024\/04\/capture-decran-2024-04-03-a-09.38.07-2048x451.png 2048w, https:\/\/sa2025.iavceivolcano.org\/content\/uploads\/sites\/17\/2024\/04\/capture-decran-2024-04-03-a-09.38.07-636x140.png 636w\" sizes=\"auto, (max-width: 1024px) 100vw, 1024px\" loading=\"lazy\" \/><\/noscript><\/div><\/figure>\n\n\n\n<p><strong>Uni Mail<\/strong><br>Boulevard du Pont-d\u2019Arve 40, 1205 Gen\u00e8ve<\/p>\n\n\n\n\n\n<p><strong>From the train station:<\/strong><br><strong>Tram 15<\/strong>&nbsp;(direction Grand-Lancy, Place du 1er ao\u00fbt) to Uni Mail \u2013 10 minutes<br><strong>Tram 18<\/strong>&nbsp;(direction Grand Lancy, Pontet)to Pont-d\u2019Arve \u2013 14 minutes<br><strong>Bus 1<\/strong>&nbsp;(direction Th\u00f4nex, H\u00f4pital Trois-Ch\u00eane) to Pont-d\u2019Arve \u2013 14 minutes<br>Taxi to Uni Mail \u2013 7 minutes<\/p>\n\n\n\n<p><strong>From the airport:<\/strong><br><strong>Bus T72<\/strong>&nbsp;(direction Annecy, Gare routi\u00e8re) to Lancy Pont Rouge, Gare\/Etoile and&nbsp;<strong>tram 17<\/strong>&nbsp;(direction Annemasse-Parc Montessuit) to Uni Mail \u2013 22 minutes<br><strong>Bus 10<\/strong>&nbsp;(direction Gen\u00e8ve, Rive) to Cornavin and&nbsp;<strong>tram 15<\/strong>&nbsp;(direction Grand-Lancy, Place du 1er ao\u00fbt) to Uni Mail \u2013 30 minutes<br><strong>Bus 23<\/strong>&nbsp;(direction Carouge GE, Tours) to Grand-Lancy and&nbsp;<strong>tram 15<\/strong>&nbsp;(direction Gen\u00e8ve, Nations) to Uni Mail \u2013 33 minutes<br><strong>Train<\/strong>&nbsp;from Geneva Airport station to Geneva Cornavin station and&nbsp;<strong>tram 15<\/strong>&nbsp;(direction Grand-Lancy, Place du 1er ao\u00fbt) to Uni Mail \u2013 20 minutes<\/p>\n\n\n<\/p>\n\n\n<h2 class=\"block-heading\">Accommodation<\/h2>\n\n\n\n<h2 class=\"block-heading\">Ibis Budget Gen\u00e8ve Petit-Lancy<\/h2>\n\n\n\n<p>Petit Lancy, Chemin des Olliquettes 6, 1213 Geneva &#8211; 20 minutes by public transport from congress venue<\/p>\n\n\n\n<figure class=\"block-image size-full\"><div class=\"loading-placeholder shine\" style=\"aspect-ratio: 1\/ 0.37330552659\"><img decoding=\"async\" data-sizes=\"(max-width: 959px) 100vw, 959px\" data-src=\"https:\/\/sa2025.iavceivolcano.org\/content\/uploads\/sites\/17\/2024\/12\/capture-decran-2024-12-17-a-09.44.27.png\" data-srcset=\"https:\/\/sa2025.iavceivolcano.org\/content\/uploads\/sites\/17\/2024\/12\/capture-decran-2024-12-17-a-09.44.27.png 959w, https:\/\/sa2025.iavceivolcano.org\/content\/uploads\/sites\/17\/2024\/12\/capture-decran-2024-12-17-a-09.44.27-300x112.png 300w, https:\/\/sa2025.iavceivolcano.org\/content\/uploads\/sites\/17\/2024\/12\/capture-decran-2024-12-17-a-09.44.27-768x287.png 768w, https:\/\/sa2025.iavceivolcano.org\/content\/uploads\/sites\/17\/2024\/12\/capture-decran-2024-12-17-a-09.44.27-375x140.png 375w\" width=\"959\" height=\"358\" src=\"\/\/:0\" class=\"lazyload\" alt=\"Capture D\u2019\u00e9cran 2024 12 17 \u00e0 09 44 27\" style=\"\"   loading=\"lazy\" \/><noscript><img decoding=\"async\" width=\"959\" height=\"358\" src=\"https:\/\/sa2025.iavceivolcano.org\/content\/uploads\/sites\/17\/2024\/12\/capture-decran-2024-12-17-a-09.44.27.png\" class=\"lazyload\" alt=\"Capture D\u2019\u00e9cran 2024 12 17 \u00e0 09 44 27\" style=\"\" srcset=\"https:\/\/sa2025.iavceivolcano.org\/content\/uploads\/sites\/17\/2024\/12\/capture-decran-2024-12-17-a-09.44.27.png 959w, https:\/\/sa2025.iavceivolcano.org\/content\/uploads\/sites\/17\/2024\/12\/capture-decran-2024-12-17-a-09.44.27-300x112.png 300w, https:\/\/sa2025.iavceivolcano.org\/content\/uploads\/sites\/17\/2024\/12\/capture-decran-2024-12-17-a-09.44.27-768x287.png 768w, https:\/\/sa2025.iavceivolcano.org\/content\/uploads\/sites\/17\/2024\/12\/capture-decran-2024-12-17-a-09.44.27-375x140.png 375w\" sizes=\"auto, (max-width: 959px) 100vw, 959px\" loading=\"lazy\" \/><\/noscript><\/div><\/figure>\n\n\n\n<p><a href=\"https:\/\/all.accor.com\/ssr\/app\/accor\/rates\/7291\/index.en.shtml?compositions=1&amp;dateIn=2024-12-17&amp;nights=1&amp;hideHotelDetails=false&amp;hideWDR=false&amp;destination=petit-lancy-1213-lancy-switzerland\" target=\"_blank\" rel=\"noreferrer noopener\">Click here to access the hotel website<\/a><\/p>\n\n\n\n<h2 class=\"block-heading\">Ibis Petit-Lancy<\/h2>\n\n\n\n<p>Petit Lancy, Chemin des Olliquettes 8, 1213 Geneva &#8211; 20 minutes by public transport from congress venue<\/p>\n\n\n\n<figure class=\"block-image size-full\"><div class=\"loading-placeholder shine\" style=\"aspect-ratio: 1\/ 0.37330552659\"><img decoding=\"async\" data-sizes=\"(max-width: 959px) 100vw, 959px\" data-src=\"https:\/\/sa2025.iavceivolcano.org\/content\/uploads\/sites\/17\/2024\/12\/capture-decran-2024-12-17-a-10.21.21.png\" data-srcset=\"https:\/\/sa2025.iavceivolcano.org\/content\/uploads\/sites\/17\/2024\/12\/capture-decran-2024-12-17-a-10.21.21.png 959w, https:\/\/sa2025.iavceivolcano.org\/content\/uploads\/sites\/17\/2024\/12\/capture-decran-2024-12-17-a-10.21.21-300x112.png 300w, https:\/\/sa2025.iavceivolcano.org\/content\/uploads\/sites\/17\/2024\/12\/capture-decran-2024-12-17-a-10.21.21-768x287.png 768w, https:\/\/sa2025.iavceivolcano.org\/content\/uploads\/sites\/17\/2024\/12\/capture-decran-2024-12-17-a-10.21.21-375x140.png 375w\" width=\"959\" height=\"358\" src=\"\/\/:0\" class=\"lazyload\" alt=\"Capture D\u2019\u00e9cran 2024 12 17 \u00e0 10 21 21\" style=\"\"   loading=\"lazy\" \/><noscript><img decoding=\"async\" width=\"959\" height=\"358\" src=\"https:\/\/sa2025.iavceivolcano.org\/content\/uploads\/sites\/17\/2024\/12\/capture-decran-2024-12-17-a-10.21.21.png\" class=\"lazyload\" alt=\"Capture D\u2019\u00e9cran 2024 12 17 \u00e0 10 21 21\" style=\"\" srcset=\"https:\/\/sa2025.iavceivolcano.org\/content\/uploads\/sites\/17\/2024\/12\/capture-decran-2024-12-17-a-10.21.21.png 959w, https:\/\/sa2025.iavceivolcano.org\/content\/uploads\/sites\/17\/2024\/12\/capture-decran-2024-12-17-a-10.21.21-300x112.png 300w, https:\/\/sa2025.iavceivolcano.org\/content\/uploads\/sites\/17\/2024\/12\/capture-decran-2024-12-17-a-10.21.21-768x287.png 768w, https:\/\/sa2025.iavceivolcano.org\/content\/uploads\/sites\/17\/2024\/12\/capture-decran-2024-12-17-a-10.21.21-375x140.png 375w\" sizes=\"auto, (max-width: 959px) 100vw, 959px\" loading=\"lazy\" \/><\/noscript><\/div><\/figure>\n\n\n\n<p><a href=\"https:\/\/all.accor.com\/ssr\/app\/accor\/rates\/7289\/index.en.shtml?compositions=1&amp;dateIn=2024-12-17&amp;nights=1&amp;hideHotelDetails=false&amp;hideWDR=false&amp;destination=petit-lancy-1213-lancy-switzerland\" target=\"_blank\" rel=\"noreferrer noopener\">Click here to access the hotel website<\/a><\/p>\n\n\n\n<h2 class=\"block-heading\">Ibis Gen\u00e8ve Centre Lac<\/h2>\n\n\n\n<p>26 Rue De Berne, 1201 Geneva &#8211; 15 minutes by public transport from congress venue<\/p>\n\n\n\n<figure class=\"block-image size-full\"><div class=\"loading-placeholder shine\" style=\"aspect-ratio: 1\/ 0.37330552659\"><img decoding=\"async\" data-sizes=\"(max-width: 959px) 100vw, 959px\" data-src=\"https:\/\/sa2025.iavceivolcano.org\/content\/uploads\/sites\/17\/2024\/12\/capture-decran-2024-12-17-a-10.42.55.png\" data-srcset=\"https:\/\/sa2025.iavceivolcano.org\/content\/uploads\/sites\/17\/2024\/12\/capture-decran-2024-12-17-a-10.42.55.png 959w, https:\/\/sa2025.iavceivolcano.org\/content\/uploads\/sites\/17\/2024\/12\/capture-decran-2024-12-17-a-10.42.55-300x112.png 300w, https:\/\/sa2025.iavceivolcano.org\/content\/uploads\/sites\/17\/2024\/12\/capture-decran-2024-12-17-a-10.42.55-768x287.png 768w, https:\/\/sa2025.iavceivolcano.org\/content\/uploads\/sites\/17\/2024\/12\/capture-decran-2024-12-17-a-10.42.55-375x140.png 375w\" width=\"959\" height=\"358\" src=\"\/\/:0\" class=\"lazyload\" alt=\"Capture D\u2019\u00e9cran 2024 12 17 \u00e0 10 42 55\" style=\"\"   loading=\"lazy\" \/><noscript><img decoding=\"async\" width=\"959\" height=\"358\" src=\"https:\/\/sa2025.iavceivolcano.org\/content\/uploads\/sites\/17\/2024\/12\/capture-decran-2024-12-17-a-10.42.55.png\" class=\"lazyload\" alt=\"Capture D\u2019\u00e9cran 2024 12 17 \u00e0 10 42 55\" style=\"\" srcset=\"https:\/\/sa2025.iavceivolcano.org\/content\/uploads\/sites\/17\/2024\/12\/capture-decran-2024-12-17-a-10.42.55.png 959w, https:\/\/sa2025.iavceivolcano.org\/content\/uploads\/sites\/17\/2024\/12\/capture-decran-2024-12-17-a-10.42.55-300x112.png 300w, https:\/\/sa2025.iavceivolcano.org\/content\/uploads\/sites\/17\/2024\/12\/capture-decran-2024-12-17-a-10.42.55-768x287.png 768w, https:\/\/sa2025.iavceivolcano.org\/content\/uploads\/sites\/17\/2024\/12\/capture-decran-2024-12-17-a-10.42.55-375x140.png 375w\" sizes=\"auto, (max-width: 959px) 100vw, 959px\" loading=\"lazy\" \/><\/noscript><\/div><\/figure>\n\n\n\n<p><a href=\"https:\/\/all.accor.com\/ssr\/app\/accor\/rates\/9577\/index.en.shtml?compositions=1&amp;dateIn=2024-12-17&amp;nights=1&amp;hideHotelDetails=false&amp;hideWDR=false&amp;destination=geneva-switzerland\" target=\"_blank\" rel=\"noreferrer noopener\">Click here to access the hotel website<\/a><\/p>\n\n\n\n<h2 class=\"block-heading\">Ibis Styles Gen\u00e8ve Carouge<\/h2>\n\n\n\n<p>Route De Saint Julien 3, 1227 Carouge &#8211; 15 minutes by public transport from congress venue<\/p>\n\n\n\n<figure class=\"block-image size-full\"><div class=\"loading-placeholder shine\" style=\"aspect-ratio: 1\/ 0.37330552659\"><img decoding=\"async\" data-sizes=\"(max-width: 959px) 100vw, 959px\" data-src=\"https:\/\/sa2025.iavceivolcano.org\/content\/uploads\/sites\/17\/2024\/12\/capture-decran-2024-12-17-a-10.48.25.png\" data-srcset=\"https:\/\/sa2025.iavceivolcano.org\/content\/uploads\/sites\/17\/2024\/12\/capture-decran-2024-12-17-a-10.48.25.png 959w, https:\/\/sa2025.iavceivolcano.org\/content\/uploads\/sites\/17\/2024\/12\/capture-decran-2024-12-17-a-10.48.25-300x112.png 300w, https:\/\/sa2025.iavceivolcano.org\/content\/uploads\/sites\/17\/2024\/12\/capture-decran-2024-12-17-a-10.48.25-768x287.png 768w, https:\/\/sa2025.iavceivolcano.org\/content\/uploads\/sites\/17\/2024\/12\/capture-decran-2024-12-17-a-10.48.25-375x140.png 375w\" width=\"959\" height=\"358\" src=\"\/\/:0\" class=\"lazyload\" alt=\"Capture D\u2019\u00e9cran 2024 12 17 \u00e0 10 48 25\" style=\"\"   loading=\"lazy\" \/><noscript><img decoding=\"async\" width=\"959\" height=\"358\" src=\"https:\/\/sa2025.iavceivolcano.org\/content\/uploads\/sites\/17\/2024\/12\/capture-decran-2024-12-17-a-10.48.25.png\" class=\"lazyload\" alt=\"Capture D\u2019\u00e9cran 2024 12 17 \u00e0 10 48 25\" style=\"\" srcset=\"https:\/\/sa2025.iavceivolcano.org\/content\/uploads\/sites\/17\/2024\/12\/capture-decran-2024-12-17-a-10.48.25.png 959w, https:\/\/sa2025.iavceivolcano.org\/content\/uploads\/sites\/17\/2024\/12\/capture-decran-2024-12-17-a-10.48.25-300x112.png 300w, https:\/\/sa2025.iavceivolcano.org\/content\/uploads\/sites\/17\/2024\/12\/capture-decran-2024-12-17-a-10.48.25-768x287.png 768w, https:\/\/sa2025.iavceivolcano.org\/content\/uploads\/sites\/17\/2024\/12\/capture-decran-2024-12-17-a-10.48.25-375x140.png 375w\" sizes=\"auto, (max-width: 959px) 100vw, 959px\" loading=\"lazy\" \/><\/noscript><\/div><\/figure>\n\n\n\n<p><a href=\"https:\/\/all.accor.com\/ssr\/app\/accor\/rates\/6863\/index.en.shtml?compositions=1&amp;dateIn=2024-12-17&amp;nights=1&amp;hideHotelDetails=false&amp;hideWDR=false&amp;destination=geneva-switzerland\" target=\"_blank\" rel=\"noreferrer noopener\">Click here to access the hotel website<\/a><\/p>\n\n\n\n<h2 class=\"block-heading\">eastwest hotel<\/h2>\n\n\n\n<p>6 rue des P\u00e2quis, 1201 Geneva &#8211; 18 minutes by public transport from congress venue<\/p>\n\n\n\n<figure class=\"block-image size-full\"><div class=\"loading-placeholder shine\" style=\"aspect-ratio: 1\/ 0.346193952033\"><img decoding=\"async\" data-sizes=\"(max-width: 959px) 100vw, 959px\" data-src=\"https:\/\/sa2025.iavceivolcano.org\/content\/uploads\/sites\/17\/2024\/12\/capture-decran-2024-12-17-a-10.57.02.png\" data-srcset=\"https:\/\/sa2025.iavceivolcano.org\/content\/uploads\/sites\/17\/2024\/12\/capture-decran-2024-12-17-a-10.57.02.png 959w, https:\/\/sa2025.iavceivolcano.org\/content\/uploads\/sites\/17\/2024\/12\/capture-decran-2024-12-17-a-10.57.02-300x104.png 300w, https:\/\/sa2025.iavceivolcano.org\/content\/uploads\/sites\/17\/2024\/12\/capture-decran-2024-12-17-a-10.57.02-768x266.png 768w, https:\/\/sa2025.iavceivolcano.org\/content\/uploads\/sites\/17\/2024\/12\/capture-decran-2024-12-17-a-10.57.02-404x140.png 404w\" width=\"959\" height=\"332\" src=\"\/\/:0\" class=\"lazyload\" alt=\"Capture D\u2019\u00e9cran 2024 12 17 \u00e0 10 57 02\" style=\"\"   loading=\"lazy\" \/><noscript><img decoding=\"async\" width=\"959\" height=\"332\" src=\"https:\/\/sa2025.iavceivolcano.org\/content\/uploads\/sites\/17\/2024\/12\/capture-decran-2024-12-17-a-10.57.02.png\" class=\"lazyload\" alt=\"Capture D\u2019\u00e9cran 2024 12 17 \u00e0 10 57 02\" style=\"\" srcset=\"https:\/\/sa2025.iavceivolcano.org\/content\/uploads\/sites\/17\/2024\/12\/capture-decran-2024-12-17-a-10.57.02.png 959w, https:\/\/sa2025.iavceivolcano.org\/content\/uploads\/sites\/17\/2024\/12\/capture-decran-2024-12-17-a-10.57.02-300x104.png 300w, https:\/\/sa2025.iavceivolcano.org\/content\/uploads\/sites\/17\/2024\/12\/capture-decran-2024-12-17-a-10.57.02-768x266.png 768w, https:\/\/sa2025.iavceivolcano.org\/content\/uploads\/sites\/17\/2024\/12\/capture-decran-2024-12-17-a-10.57.02-404x140.png 404w\" sizes=\"auto, (max-width: 959px) 100vw, 959px\" loading=\"lazy\" \/><\/noscript><\/div><\/figure>\n\n\n\n<p><a href=\"https:\/\/www.eastwesthotel.ch\/en\/\" target=\"_blank\" rel=\"noreferrer noopener\">Click here to access the hotel website<\/a><\/p>\n\n\n\n<h2 class=\"block-heading\">Longemalle Hotel<\/h2>\n\n\n\n<p>Place de Longemalle 13, 1204 Geneva &#8211; 15 minutes by public transport from congress venue<\/p>\n\n\n\n<figure class=\"block-image size-full\"><div class=\"loading-placeholder shine\" style=\"aspect-ratio: 1\/ 0.371607515658\"><img decoding=\"async\" data-sizes=\"(max-width: 958px) 100vw, 958px\" data-src=\"https:\/\/sa2025.iavceivolcano.org\/content\/uploads\/sites\/17\/2024\/12\/capture-decran-2024-12-17-a-11.04.20.png\" data-srcset=\"https:\/\/sa2025.iavceivolcano.org\/content\/uploads\/sites\/17\/2024\/12\/capture-decran-2024-12-17-a-11.04.20.png 958w, https:\/\/sa2025.iavceivolcano.org\/content\/uploads\/sites\/17\/2024\/12\/capture-decran-2024-12-17-a-11.04.20-300x111.png 300w, https:\/\/sa2025.iavceivolcano.org\/content\/uploads\/sites\/17\/2024\/12\/capture-decran-2024-12-17-a-11.04.20-768x285.png 768w, https:\/\/sa2025.iavceivolcano.org\/content\/uploads\/sites\/17\/2024\/12\/capture-decran-2024-12-17-a-11.04.20-377x140.png 377w\" width=\"958\" height=\"356\" src=\"\/\/:0\" class=\"lazyload\" alt=\"Capture D\u2019\u00e9cran 2024 12 17 \u00e0 11 04 20\" style=\"\"   loading=\"lazy\" \/><noscript><img decoding=\"async\" width=\"958\" height=\"356\" src=\"https:\/\/sa2025.iavceivolcano.org\/content\/uploads\/sites\/17\/2024\/12\/capture-decran-2024-12-17-a-11.04.20.png\" class=\"lazyload\" alt=\"Capture D\u2019\u00e9cran 2024 12 17 \u00e0 11 04 20\" style=\"\" srcset=\"https:\/\/sa2025.iavceivolcano.org\/content\/uploads\/sites\/17\/2024\/12\/capture-decran-2024-12-17-a-11.04.20.png 958w, https:\/\/sa2025.iavceivolcano.org\/content\/uploads\/sites\/17\/2024\/12\/capture-decran-2024-12-17-a-11.04.20-300x111.png 300w, https:\/\/sa2025.iavceivolcano.org\/content\/uploads\/sites\/17\/2024\/12\/capture-decran-2024-12-17-a-11.04.20-768x285.png 768w, https:\/\/sa2025.iavceivolcano.org\/content\/uploads\/sites\/17\/2024\/12\/capture-decran-2024-12-17-a-11.04.20-377x140.png 377w\" sizes=\"auto, (max-width: 958px) 100vw, 958px\" loading=\"lazy\" \/><\/noscript><\/div><\/figure>\n\n\n\n<p><a href=\"https:\/\/www.longemallecollection.com\/en\/le-longemalle.html\" target=\"_blank\" rel=\"noreferrer noopener\">Click here to access the hotel website<\/a><\/p>\n\n\n\n<h2 class=\"block-heading\">Visit Geneva<\/h2>\n\n\n\n<p>Take time to visit Geneva! Discover the city, the lake and its monuments: <a href=\"https:\/\/www.geneve.com\/\">https:\/\/www.geneve.com\/<\/a> <\/p>\n","protected":false},"excerpt":{"rendered":"<p>Welcome Desk Geneva Airport An information desk is available on arrival at Geneva airport.You will find it after the baggage reclaim and customs area.Hostesses will help you find your way around Geneva. Geneva Your travel to Geneva Geneva is at&#8230;<\/p>\n","protected":false},"author":1,"featured_media":0,"parent":0,"menu_order":7,"ping_status":"closed","template":"","meta":{"_acf_changed":false,"_searchwp_excluded":"","footnotes":""},"class_list":["post-25","page","type-page","status-publish","hentry"],"acf":[],"_links":{"self":[{"href":"https:\/\/sa2025.iavceivolcano.org\/api\/wp\/v2\/pages\/25","targetHints":{"allow":["GET"]}}],"collection":[{"href":"https:\/\/sa2025.iavceivolcano.org\/api\/wp\/v2\/pages"}],"about":[{"href":"https:\/\/sa2025.iavceivolcano.org\/api\/wp\/v2\/types\/page"}],"author":[{"embeddable":true,"href":"https:\/\/sa2025.iavceivolcano.org\/api\/wp\/v2\/users\/1"}],"version-history":[{"count":20,"href":"https:\/\/sa2025.iavceivolcano.org\/api\/wp\/v2\/pages\/25\/revisions"}],"predecessor-version":[{"id":942,"href":"https:\/\/sa2025.iavceivolcano.org\/api\/wp\/v2\/pages\/25\/revisions\/942"}],"wp:attachment":[{"href":"https:\/\/sa2025.iavceivolcano.org\/api\/wp\/v2\/media?parent=25"}],"curies":[{"name":"wp","href":"https:\/\/api.w.org\/{rel}","templated":true}]}}